{"id":353,"date":"2017-04-20T09:22:00","date_gmt":"2017-04-20T09:22:00","guid":{"rendered":"http:\/\/www.amado.pt\/aluguer\/?post_type=product&#038;p=353"},"modified":"2025-01-28T13:26:49","modified_gmt":"2025-01-28T13:26:49","slug":"pirex","status":"publish","type":"product","link":"https:\/\/www.amado.pt\/aluguer\/pirex\/","title":{"rendered":"Pirex"},"content":{"rendered":"<h2>Aluguer de Pirex retangular para forno<\/h2>\n<p>Alugamos assadeiras com 2 assas para gratinados, servi\u00e7o a mesa ou apresenta\u00e7\u00e3o de frios em bufetes.<br \/>\nN\u00e3o transmite cheiros a comida, resistente ao estilha\u00e7o e a altas temperaturas de forno + 300\u00ba, micro ondas, e congela\u00e7\u00e3o -40\u00ba.<\/p>\n<div class=\"row row-collapse\"  id=\"row-850970444\">\n\n\t<div id=\"col-1074566240\" class=\"col medium-1\/2 large-6\"  >\n\t\t\t\t<div class=\"col-inner\"  >\n\t\t\t\n\t\t\t\n\u00bb Comprimento: 40 cm<br \/>\n\u00bb Largura: 26 cm<br \/>\n\u00bb Altura: 7,5 cm<br \/>\n\u00bb Peso: 1.800 Kg<br \/>\n\u00bb Material: vidro pirex<\/p>\n\t\t<\/div>\n\t\t\t\t\t<\/div>\n\n\t\n\n\t<div id=\"col-321483272\" class=\"col medium-1\/2 large-6\"  >\n\t\t\t\t<div class=\"col-inner\"  >\n\t\t\t\n\t\t\t\n<a href=\"https:\/\/www.winterhalter.com\/pt-pt\/lavagemehigiene\/?siq_name=$%7BPosibles%20clientes.Nombre%20de%20Posible%20cliente%7D&amp;siq_email=$%7BPosibles%20clientes.Correo%20electr%C3%B3nico%7D\" target=\"_blank\" rel=\"noopener noreferrer\"><img loading=\"lazy\" decoding=\"async\" class=\"alignleft wp-image-3542 size-full\" src=\"https:\/\/www.amado.pt\/aluguer\/wp-content\/uploads\/2020\/06\/higiene-170.jpg\" alt=\"\" width=\"170\" height=\"170\" srcset=\"https:\/\/www.amado.pt\/aluguer\/wp-content\/uploads\/2020\/06\/higiene-170.jpg 170w, https:\/\/www.amado.pt\/aluguer\/wp-content\/uploads\/2020\/06\/higiene-170-150x150.jpg 150w, https:\/\/www.amado.pt\/aluguer\/wp-content\/uploads\/2020\/06\/higiene-170-100x100.jpg 100w\" sizes=\"auto, (max-width: 170px) 100vw, 170px\" \/><\/a><\/p>\n\t\t<\/div>\n\t\t\t\t\t<\/div>\n\n\t\n<\/div>\n","protected":false},"excerpt":{"rendered":"<p>Aluguer de Pirex retangular para forno Alugamos assadeiras com 2 assas para gratinados, servi\u00e7o a mesa ou apresenta\u00e7\u00e3o de frios em bufetes. N\u00e3o transmite cheiros a comida, resistente ao estilha\u00e7o e a altas temperaturas de forno + 300\u00ba, micro ondas, e congela\u00e7\u00e3o -40\u00ba.<\/p>\n","protected":false},"featured_media":4376,"template":"","meta":[],"product_cat":[27,185],"product_tag":[],"class_list":{"0":"post-353","1":"product","2":"type-product","3":"status-publish","4":"has-post-thumbnail","6":"product_cat-extras-mesa-ou-sala","7":"product_cat-todos-os-produtos","9":"first","10":"instock","11":"taxable","12":"shipping-taxable","13":"purchasable","14":"product-type-simple"},"_links":{"self":[{"href":"https:\/\/www.amado.pt\/aluguer\/wp-json\/wp\/v2\/product\/353","targetHints":{"allow":["GET"]}}],"collection":[{"href":"https:\/\/www.amado.pt\/aluguer\/wp-json\/wp\/v2\/product"}],"about":[{"href":"https:\/\/www.amado.pt\/aluguer\/wp-json\/wp\/v2\/types\/product"}],"wp:featuredmedia":[{"embeddable":true,"href":"https:\/\/www.amado.pt\/aluguer\/wp-json\/wp\/v2\/media\/4376"}],"wp:attachment":[{"href":"https:\/\/www.amado.pt\/aluguer\/wp-json\/wp\/v2\/media?parent=353"}],"wp:term":[{"taxonomy":"product_cat","embeddable":true,"href":"https:\/\/www.amado.pt\/aluguer\/wp-json\/wp\/v2\/product_cat?post=353"},{"taxonomy":"product_tag","embeddable":true,"href":"https:\/\/www.amado.pt\/aluguer\/wp-json\/wp\/v2\/product_tag?post=353"}],"curies":[{"name":"wp","href":"https:\/\/api.w.org\/{rel}","templated":true}]}}