{"id":3776,"date":"2020-07-10T11:30:53","date_gmt":"2020-07-10T11:30:53","guid":{"rendered":"https:\/\/www.amado.pt\/aluguer\/?post_type=product&#038;p=3776"},"modified":"2025-01-28T12:11:59","modified_gmt":"2025-01-28T12:11:59","slug":"racks-para-copos","status":"publish","type":"product","link":"https:\/\/www.amado.pt\/aluguer\/racks-para-copos\/","title":{"rendered":"Racks para copos e loi\u00e7as"},"content":{"rendered":"<h2>Aluguer de gastro racks para lavagem<\/h2>\n<p>Alugamos cestos para acondicionamento, transporte e lavagem de copos e porcelanas, compat\u00edveis com m\u00e1quinas de lavar de t\u00fanel, de b\u00e1scula ou de gaveta.<\/p>\n<h3>Racks para copos de v\u00e1rias dimens\u00f5es<\/h3>\n<p>\u00bb Largura: 50 cm<br \/>\n\u00bb Comprimento: 50 cm<br \/>\n\u00bb Estrutura: pl\u00e1stico<\/p>\n<div class=\"row row-collapse\"  id=\"row-1839487536\">\n\n\t<div id=\"col-346044086\" class=\"col medium-1\/4 large-3\"  >\n\t\t\t\t<div class=\"col-inner\"  >\n\t\t\t\n\t\t\t\n<a href=\"https:\/\/www.amado.pt\/aluguer\/wp-content\/uploads\/2020\/07\/rack-copos-16-favos.jpg\"><img loading=\"lazy\" decoding=\"async\" class=\"alignleft wp-image-3777\" src=\"https:\/\/www.amado.pt\/aluguer\/wp-content\/uploads\/2020\/07\/rack-copos-16-favos.jpg\" alt=\"\" width=\"151\" height=\"166\" srcset=\"https:\/\/www.amado.pt\/aluguer\/wp-content\/uploads\/2020\/07\/rack-copos-16-favos.jpg 335w, https:\/\/www.amado.pt\/aluguer\/wp-content\/uploads\/2020\/07\/rack-copos-16-favos-272x300.jpg 272w\" sizes=\"auto, (max-width: 151px) 100vw, 151px\" \/><\/a><\/p>\n<p>&nbsp;<\/p>\n<p style=\"text-align: left;\">\t\t<\/div>\n\t\t\t\t\t<\/div>\n\n\t\n\n\t<div id=\"col-771469834\" class=\"col medium-1\/4 large-3\"  >\n\t\t\t\t<div class=\"col-inner\"  >\n\t\t\t\n\t\t\t\nFavos: 11.5 x 11.5 cm<br \/>\n<strong>Alturas:<\/strong><br \/>\n\u00bb 28.50 cm<br \/>\n\u00bb 22.50 cm<br \/>\n\u00bb 18.50 cm<\/p>\n\t\t<\/div>\n\t\t\t\t\t<\/div>\n\n\t\n\n\t<div id=\"col-1865179737\" class=\"col medium-1\/4 large-3\"  >\n\t\t\t\t<div class=\"col-inner\"  >\n\t\t\t\n\t\t\t\n<a href=\"https:\/\/www.amado.pt\/aluguer\/wp-content\/uploads\/2020\/07\/rack-copos-25-favos.jpg\"><img loading=\"lazy\" decoding=\"async\" class=\"alignleft wp-image-3778 \" src=\"https:\/\/www.amado.pt\/aluguer\/wp-content\/uploads\/2020\/07\/rack-copos-25-favos.jpg\" alt=\"\" width=\"151\" height=\"166\" srcset=\"https:\/\/www.amado.pt\/aluguer\/wp-content\/uploads\/2020\/07\/rack-copos-25-favos.jpg 335w, https:\/\/www.amado.pt\/aluguer\/wp-content\/uploads\/2020\/07\/rack-copos-25-favos-272x300.jpg 272w\" sizes=\"auto, (max-width: 151px) 100vw, 151px\" \/><\/a><\/p>\n<p>&nbsp;<\/p>\n<p style=\"text-align: left;\">\t\t<\/div>\n\t\t\t\t\t<\/div>\n\n\t\n\n\t<div id=\"col-1974935525\" class=\"col medium-1\/4 large-3\"  >\n\t\t\t\t<div class=\"col-inner\"  >\n\t\t\t\n\t\t\t\nFavos: 9 x 9 cm<br \/>\n<strong>Alturas:<\/strong><br \/>\n\u00bb 26.00 cm<br \/>\n\u00bb 22.50 cm<br \/>\n\u00bb 14.50 cm<br \/>\n\u00bb 09.00 cm<\/p>\n\t\t<\/div>\n\t\t\t\t\t<\/div>\n\n\t\n<\/div>\n<div class=\"row row-collapse\"  id=\"row-504674952\">\n\n\t<div id=\"col-902508017\" class=\"col medium-1\/4 large-3\"  >\n\t\t\t\t<div class=\"col-inner\"  >\n\t\t\t\n\t\t\t\n<a href=\"https:\/\/www.amado.pt\/aluguer\/wp-content\/uploads\/2020\/07\/rack-copos-36-favos.jpg\"><img loading=\"lazy\" decoding=\"async\" class=\"alignleft wp-image-3779 \" src=\"https:\/\/www.amado.pt\/aluguer\/wp-content\/uploads\/2020\/07\/rack-copos-36-favos.jpg\" alt=\"\" width=\"150\" height=\"166\" srcset=\"https:\/\/www.amado.pt\/aluguer\/wp-content\/uploads\/2020\/07\/rack-copos-36-favos.jpg 335w, https:\/\/www.amado.pt\/aluguer\/wp-content\/uploads\/2020\/07\/rack-copos-36-favos-272x300.jpg 272w\" sizes=\"auto, (max-width: 150px) 100vw, 150px\" \/><\/a><\/p>\n<p>&nbsp;<\/p>\n<p style=\"text-align: left;\">\t\t<\/div>\n\t\t\t\t\t<\/div>\n\n\t\n\n\t<div id=\"col-1664790870\" class=\"col medium-1\/4 large-3\"  >\n\t\t\t\t<div class=\"col-inner\"  >\n\t\t\t\n\t\t\t\nFavos: 7.6 x 7.6 cm<br \/>\n<strong>Alturas:<\/strong><br \/>\n\u00bb 21.00 cm<br \/>\n\u00bb 20.50 cm<br \/>\n\u00bb 20.00 cm<br \/>\n\u00bb 10.00 cm<\/p>\n\t\t<\/div>\n\t\t\t\t\t<\/div>\n\n\t\n\n\t<div id=\"col-774721903\" class=\"col medium-1\/4 large-3\"  >\n\t\t\t\t<div class=\"col-inner\"  >\n\t\t\t\n\t\t\t\n<a href=\"https:\/\/www.amado.pt\/aluguer\/wp-content\/uploads\/2020\/07\/rack-copos-49-favos.jpg\"><img loading=\"lazy\" decoding=\"async\" class=\"alignleft wp-image-3780 \" src=\"https:\/\/www.amado.pt\/aluguer\/wp-content\/uploads\/2020\/07\/rack-copos-49-favos.jpg\" alt=\"\" width=\"149\" height=\"166\" \/><\/a><\/p>\n<p>&nbsp;<\/p>\n<p style=\"text-align: left;\">\t\t<\/div>\n\t\t\t\t\t<\/div>\n\n\t\n\n\t<div id=\"col-316391264\" class=\"col medium-1\/4 large-3\"  >\n\t\t\t\t<div class=\"col-inner\"  >\n\t\t\t\n\t\t\t\nFavos: 6.5 x 6.5 cm<br \/>\n<strong>Alturas:<\/strong><br \/>\n\u00bb 22.50 cm<br \/>\n\u00bb 18.00 cm<\/p>\n\t\t<\/div>\n\t\t\t\t\t<\/div>\n\n\t\n<\/div>\n<h3>Racks para lavagem de pratos e talheres<\/h3>\n<p>\u00bb Largura: 50 cm<br \/>\n\u00bb Comprimento: 50 cm<br \/>\n\u00bb Estrutura: pl\u00e1stico<\/p>\n<div class=\"row row-collapse\"  id=\"row-2024144242\">\n\n\t<div id=\"col-1705501327\" class=\"col medium-1\/4 large-3\"  >\n\t\t\t\t<div class=\"col-inner\"  >\n\t\t\t\n\t\t\t\n<a href=\"https:\/\/www.amado.pt\/aluguer\/wp-content\/uploads\/2020\/07\/aluguer-cesto-para-lavagem-de-pratos.jpg\"><img loading=\"lazy\" decoding=\"async\" class=\"alignleft wp-image-3819 \" src=\"https:\/\/www.amado.pt\/aluguer\/wp-content\/uploads\/2020\/07\/aluguer-cesto-para-lavagem-de-pratos.jpg\" alt=\"alguer de rack para lavagem de pratos\" width=\"149\" height=\"169\" srcset=\"https:\/\/www.amado.pt\/aluguer\/wp-content\/uploads\/2020\/07\/aluguer-cesto-para-lavagem-de-pratos.jpg 316w, https:\/\/www.amado.pt\/aluguer\/wp-content\/uploads\/2020\/07\/aluguer-cesto-para-lavagem-de-pratos-264x300.jpg 264w\" sizes=\"auto, (max-width: 149px) 100vw, 149px\" \/><\/a><\/p>\n<p><span style=\"font-size: 14.4px;\"><br \/>\n\t\t<\/div>\n\t\t\t\t\t<\/div>\n\n\t<\/span><\/p>\n<p style=\"text-align: left;\">\n\t<div id=\"col-66059762\" class=\"col medium-1\/4 large-3\"  >\n\t\t\t\t<div class=\"col-inner\"  >\n\t\t\t\n\t\t\t\n<strong>Altura:<\/strong><br \/>\n\u00bb 10 cm<br \/>\n<strong>Pinos:<\/strong><br \/>\n\u00bb 40<\/p>\n\t\t<\/div>\n\t\t\t\t\t<\/div>\n\n\t\n\n\t<div id=\"col-864224830\" class=\"col medium-1\/4 large-3\"  >\n\t\t\t\t<div class=\"col-inner\"  >\n\t\t\t\n\t\t\t\n<a href=\"https:\/\/www.amado.pt\/aluguer\/wp-content\/uploads\/2020\/07\/aluguer-cesto-para-lavagem-de-talheres.jpg\"><img loading=\"lazy\" decoding=\"async\" class=\"alignleft wp-image-3820 \" src=\"https:\/\/www.amado.pt\/aluguer\/wp-content\/uploads\/2020\/07\/aluguer-cesto-para-lavagem-de-talheres.jpg\" alt=\"alguer de rack para lavagem de talheres\" width=\"149\" height=\"169\" srcset=\"https:\/\/www.amado.pt\/aluguer\/wp-content\/uploads\/2020\/07\/aluguer-cesto-para-lavagem-de-talheres.jpg 316w, https:\/\/www.amado.pt\/aluguer\/wp-content\/uploads\/2020\/07\/aluguer-cesto-para-lavagem-de-talheres-264x300.jpg 264w\" sizes=\"auto, (max-width: 149px) 100vw, 149px\" \/><\/a><\/p>\n\t\t<\/div>\n\t\t\t\t\t<\/div>\n\n\t\n\n\t<div id=\"col-1404221663\" class=\"col medium-1\/4 large-3\"  >\n\t\t\t\t<div class=\"col-inner\"  >\n\t\t\t\n\t\t\t\n<strong>Altura:<\/strong><br \/>\n\u00bb 09 cm<br \/>\n\u00bb Sem divis\u00f3rias<\/p>\n\t\t<\/div>\n\t\t\t\t\t<\/div>\n\n\t\n<\/div>\n<h3><\/h3>\n<h3>Aluguer de carrinhos para racks<\/h3>\n<p>Alugamos bases m\u00f3veis, compat\u00edveis e com perfeito encaixe para transportar racks\/cestos de copos, ch\u00e1venas de caf\u00e9 ou ta\u00e7as de consume.<\/p>\n<div class=\"row\"  id=\"row-670589433\">\n\n\t<div id=\"col-1849422730\" class=\"col medium-1\/2 large-6\"  >\n\t\t\t\t<div class=\"col-inner\"  >\n\t\t\t\n\t\t\t\n\u00bb Altura: 20 cm<br \/>\n\u00bb Comprimento: 54 cm<br \/>\n\u00bb Largura: 54 cm<br \/>\n\u00bb Estrutra: pl\u00e1stico r\u00edgido<br \/>\n\u00bb Mobilidade: 4 rodas girat\u00f3rias<br \/>\n\u00bb Cor: bege<\/p>\n\t\t<\/div>\n\t\t\t\t\t<\/div>\n\n\t\n\n\t<div id=\"col-2023847467\" class=\"col medium-1\/2 large-6\"  >\n\t\t\t\t<div class=\"col-inner\"  >\n\t\t\t\n\t\t\t\n<a href=\"https:\/\/www.amado.pt\/aluguer\/wp-content\/uploads\/2020\/07\/carro-transporte-racks.jpg\"><img loading=\"lazy\" decoding=\"async\" class=\"alignleft wp-image-4257\" src=\"https:\/\/www.amado.pt\/aluguer\/wp-content\/uploads\/2020\/07\/carro-transporte-racks.jpg\" alt=\"aluguer de carros para transporte de racks\" width=\"225\" height=\"144\" \/><\/a><br \/>\n\t\t<\/div>\n\t\t\t\t\t<\/div>\n\n\t\n<span style=\"font-size: 14.4px;\"><\/div><\/span><\/p>\n","protected":false},"excerpt":{"rendered":"<p>Aluguer de gastro racks para lavagem Alugamos cestos para acondicionamento, transporte e lavagem de copos e porcelanas, compat\u00edveis com m\u00e1quinas de lavar de t\u00fanel, de b\u00e1scula ou de gaveta. Racks para copos de v\u00e1rias dimens\u00f5es \u00bb Largura: 50 cm \u00bb Comprimento: 50 cm \u00bb Estrutura: pl\u00e1stico Racks para lavagem de pratos e talheres \u00bb Largura: [&#8230;]\n","protected":false},"featured_media":3797,"template":"","meta":[],"product_cat":[29,185],"product_tag":[],"class_list":{"0":"post-3776","1":"product","2":"type-product","3":"status-publish","4":"has-post-thumbnail","6":"product_cat-cozinha","7":"product_cat-todos-os-produtos","9":"first","10":"instock","11":"taxable","12":"shipping-taxable","13":"purchasable","14":"product-type-simple"},"_links":{"self":[{"href":"https:\/\/www.amado.pt\/aluguer\/wp-json\/wp\/v2\/product\/3776","targetHints":{"allow":["GET"]}}],"collection":[{"href":"https:\/\/www.amado.pt\/aluguer\/wp-json\/wp\/v2\/product"}],"about":[{"href":"https:\/\/www.amado.pt\/aluguer\/wp-json\/wp\/v2\/types\/product"}],"wp:featuredmedia":[{"embeddable":true,"href":"https:\/\/www.amado.pt\/aluguer\/wp-json\/wp\/v2\/media\/3797"}],"wp:attachment":[{"href":"https:\/\/www.amado.pt\/aluguer\/wp-json\/wp\/v2\/media?parent=3776"}],"wp:term":[{"taxonomy":"product_cat","embeddable":true,"href":"https:\/\/www.amado.pt\/aluguer\/wp-json\/wp\/v2\/product_cat?post=3776"},{"taxonomy":"product_tag","embeddable":true,"href":"https:\/\/www.amado.pt\/aluguer\/wp-json\/wp\/v2\/product_tag?post=3776"}],"curies":[{"name":"wp","href":"https:\/\/api.w.org\/{rel}","templated":true}]}}