{"id":4588,"date":"2022-04-13T05:10:55","date_gmt":"2022-04-13T05:10:55","guid":{"rendered":"https:\/\/www.amado.pt\/aluguer\/?post_type=product&#038;p=4588"},"modified":"2025-01-28T12:10:03","modified_gmt":"2025-01-28T12:10:03","slug":"ideia-de-evento","status":"publish","type":"product","link":"https:\/\/www.amado.pt\/aluguer\/ideia-de-evento\/","title":{"rendered":"#23 Ideias: Eventos &#038; banquetes"},"content":{"rendered":"<h2>Eventos &amp; banquetes com requinte<\/h2>\n<p>Seja um anivers\u00e1rio, confer\u00eancia ou reuni\u00e3o, o que faz um evento se destacar dos demais?<br \/>\nN\u00e3o, n\u00e3o s\u00e3o apenas os convidados, \u00e9 o planeamento!<br \/>\nComo tornar um evento verdadeiramente memor\u00e1vel?<br \/>\nTudo come\u00e7a com o equipamento e a decora\u00e7\u00e3o que vamos utilizar.<\/p>\n<p>Uma ideia de evento com mesas, cadeiras, atoalhados e loi\u00e7as<\/p>\n<p>\u00bb Mesas redondas 1,80<br \/>\n\u00bb Mesas quadradas 1.20&#215;1.20<br \/>\n\u00bb Saiotes cor de laranja<br \/>\n\u00bb Toalhas de mesa castanhas arabesco<br \/>\n\u00bb Guardanapos branco hotel<br \/>\n\u00bb Cadeiras pretas com assento em palhinha<br \/>\n\u00bb Coxins cor de laranja<br \/>\n\u00bb Copos de agua Atlantis vermelho<br \/>\n\u00bb Copos de vinho tinto Schott Zwiesel<br \/>\n\u00bb Copos vinho branco Riedel<br \/>\n\u00bb Copos de vinho do porto Siza Vieira<br \/>\n\u00bb Talheres de peixe, carne e sobremesa<br \/>\n\u00bb Marcadores Atlantis vermelho<br \/>\n\u00bb Pratos p\u00e3o de vidro<br \/>\n\u00bb Pratos ladeiros e sobremesa<br \/>\n\u00bb Casti\u00e7al de 8 chamas<\/p>\n","protected":false},"excerpt":{"rendered":"<p>Eventos &amp; banquetes com requinte Seja um anivers\u00e1rio, confer\u00eancia ou reuni\u00e3o, o que faz um evento se destacar dos demais? N\u00e3o, n\u00e3o s\u00e3o apenas os convidados, \u00e9 o planeamento! Como tornar um evento verdadeiramente memor\u00e1vel? Tudo come\u00e7a com o equipamento e a decora\u00e7\u00e3o que vamos utilizar. Uma ideia de evento com mesas, cadeiras, atoalhados e [&#8230;]\n","protected":false},"featured_media":4589,"template":"","meta":[],"product_cat":[133],"product_tag":[],"class_list":{"0":"post-4588","1":"product","2":"type-product","3":"status-publish","4":"has-post-thumbnail","6":"product_cat-ideias-e-solucoes","8":"first","9":"instock","10":"taxable","11":"shipping-taxable","12":"purchasable","13":"product-type-external"},"_links":{"self":[{"href":"https:\/\/www.amado.pt\/aluguer\/wp-json\/wp\/v2\/product\/4588","targetHints":{"allow":["GET"]}}],"collection":[{"href":"https:\/\/www.amado.pt\/aluguer\/wp-json\/wp\/v2\/product"}],"about":[{"href":"https:\/\/www.amado.pt\/aluguer\/wp-json\/wp\/v2\/types\/product"}],"wp:featuredmedia":[{"embeddable":true,"href":"https:\/\/www.amado.pt\/aluguer\/wp-json\/wp\/v2\/media\/4589"}],"wp:attachment":[{"href":"https:\/\/www.amado.pt\/aluguer\/wp-json\/wp\/v2\/media?parent=4588"}],"wp:term":[{"taxonomy":"product_cat","embeddable":true,"href":"https:\/\/www.amado.pt\/aluguer\/wp-json\/wp\/v2\/product_cat?post=4588"},{"taxonomy":"product_tag","embeddable":true,"href":"https:\/\/www.amado.pt\/aluguer\/wp-json\/wp\/v2\/product_tag?post=4588"}],"curies":[{"name":"wp","href":"https:\/\/api.w.org\/{rel}","templated":true}]}}