{"id":4994,"date":"2024-04-12T14:23:00","date_gmt":"2024-04-12T14:23:00","guid":{"rendered":"https:\/\/www.amado.pt\/aluguer\/?post_type=product&#038;p=4994"},"modified":"2025-01-28T12:26:18","modified_gmt":"2025-01-28T12:26:18","slug":"microfones-sem-fios-jbl","status":"publish","type":"product","link":"https:\/\/www.amado.pt\/aluguer\/microfones-sem-fios-jbl\/","title":{"rendered":"Microfones sem fios JBL"},"content":{"rendered":"<h2>Aluguer de microfones wireless<u><\/u><\/h2>\n<p>Alugamos microfones da conceituada marca JBL, para criar uma festa sem igual num karaoke com os amigos ou com os clientes em ambiente de sunset. Uma solu\u00e7\u00e3o de \u00e1udio n\u00edtido para uma palestra, ou jantar de confraterniza\u00e7\u00e3o onde \u00e9 preciso entoar a voz do palestrante.<br \/>\n<strong>Este aluguer inclui: 2 microfones + 4 pilhas e recetor wi-fi<\/strong><br \/>\n<b>compat\u00edvel com a nossa <a href=\"https:\/\/www.amado.pt\/aluguer\/coluna-musica-jbl\/\">coluna de musica JBL<\/a><\/b><\/p>\n<div class=\"row row-collapse\"  id=\"row-1551953065\">\n\n\t<div id=\"col-181270540\" class=\"col medium-1\/2 large-6\"  >\n\t\t\t\t<div class=\"col-inner\"  >\n\t\t\t\n\t\t\t\n<p style=\"font-weight: 400;\">\u00bb Marca: JBL<br \/>\n\u00bb Tipo: microfones de karaoke<br \/>\n\u00bb\u00a0Frequ\u00eancia:\u00a065 Hz \u2013 15\u00a0KHz<br \/>\n\u00bb Rela\u00e7\u00e3o sinal-ruido: 60 dBA<br \/>\n\u00bb \u00c1rea din\u00e2mica: 100 dB<br \/>\n\u00bb Conectividade: Bluetooth 5.1<br \/>\n\u00bb Alcance: 10 metros<br \/>\n\u00bb Autonomia: 6 horas<br \/>\n\u00bb Tempo de carga do recetor: 3:30 min.<br \/>\n\u00bb Bateria do\u00a0<span class=\"il\">microfone<\/span>: pilhas alcalinas AA<br \/>\n\u00bb Di\u00e2metro: 50 mm<br \/>\n\u00bb Comprimento: 233 mm<br \/>\n\u00bb Peso: 247 g<br \/>\n\u00bb Cor: pretos<\/p>\n\t\t<\/div>\n\t\t\t\t\t<\/div>\n\n\t\n\n\t<div id=\"col-461348736\" class=\"col medium-1\/2 large-6\"  >\n\t\t\t\t<div class=\"col-inner\"  >\n\t\t\t\n\t\t\t\n<a href=\"https:\/\/www.amado.pt\/aluguer\/wp-content\/uploads\/2024\/02\/logo-jbl.png\"><img loading=\"lazy\" decoding=\"async\" class=\"wp-image-4873 alignleft\" src=\"https:\/\/www.amado.pt\/aluguer\/wp-content\/uploads\/2024\/02\/logo-jbl-150x150.png\" alt=\"logotipo jbl\" width=\"123\" height=\"123\" srcset=\"https:\/\/www.amado.pt\/aluguer\/wp-content\/uploads\/2024\/02\/logo-jbl-150x150.png 150w, https:\/\/www.amado.pt\/aluguer\/wp-content\/uploads\/2024\/02\/logo-jbl-100x100.png 100w, https:\/\/www.amado.pt\/aluguer\/wp-content\/uploads\/2024\/02\/logo-jbl.png 225w\" sizes=\"auto, (max-width: 123px) 100vw, 123px\" \/><\/a><\/p>\n<p>&nbsp;<\/p>\n<p>&nbsp;<\/p>\n\t\t<\/div>\n\t\t\t\t\t<\/div>\n\n\t\n<\/div>\n","protected":false},"excerpt":{"rendered":"<p>Aluguer de microfones wireless Alugamos microfones da conceituada marca JBL, para criar uma festa sem igual num karaoke com os amigos ou com os clientes em ambiente de sunset. Uma solu\u00e7\u00e3o de \u00e1udio n\u00edtido para uma palestra, ou jantar de confraterniza\u00e7\u00e3o onde \u00e9 preciso entoar a voz do palestrante. Este aluguer inclui: 2 microfones + [&#8230;]\n","protected":false},"featured_media":4995,"template":"","meta":[],"product_cat":[213,26,217,185],"product_tag":[],"class_list":{"0":"post-4994","1":"product","2":"type-product","3":"status-publish","4":"has-post-thumbnail","6":"product_cat-audiovisuais","7":"product_cat-equipamentos-diversos","8":"product_cat-jardim","9":"product_cat-todos-os-produtos","11":"first","12":"instock","13":"taxable","14":"shipping-taxable","15":"purchasable","16":"product-type-simple"},"_links":{"self":[{"href":"https:\/\/www.amado.pt\/aluguer\/wp-json\/wp\/v2\/product\/4994","targetHints":{"allow":["GET"]}}],"collection":[{"href":"https:\/\/www.amado.pt\/aluguer\/wp-json\/wp\/v2\/product"}],"about":[{"href":"https:\/\/www.amado.pt\/aluguer\/wp-json\/wp\/v2\/types\/product"}],"wp:featuredmedia":[{"embeddable":true,"href":"https:\/\/www.amado.pt\/aluguer\/wp-json\/wp\/v2\/media\/4995"}],"wp:attachment":[{"href":"https:\/\/www.amado.pt\/aluguer\/wp-json\/wp\/v2\/media?parent=4994"}],"wp:term":[{"taxonomy":"product_cat","embeddable":true,"href":"https:\/\/www.amado.pt\/aluguer\/wp-json\/wp\/v2\/product_cat?post=4994"},{"taxonomy":"product_tag","embeddable":true,"href":"https:\/\/www.amado.pt\/aluguer\/wp-json\/wp\/v2\/product_tag?post=4994"}],"curies":[{"name":"wp","href":"https:\/\/api.w.org\/{rel}","templated":true}]}}