{"id":580,"date":"2017-10-03T15:49:00","date_gmt":"2017-10-03T15:49:00","guid":{"rendered":"https:\/\/www.amado.pt\/aluguer\/?post_type=product&#038;p=580"},"modified":"2025-01-28T13:26:39","modified_gmt":"2025-01-28T13:26:39","slug":"aluguer-de-tendas","status":"publish","type":"product","link":"https:\/\/www.amado.pt\/aluguer\/aluguer-de-tendas\/","title":{"rendered":"Tendas 10 x 05"},"content":{"rendered":"[vc_row][vc_column][vc_column_text]\n<h2>Aluguer de tendas modulares 10 x 05 em branco ou cristal<\/h2>\n<div class=\"wpb_text_column wpb_content_element vc_custom_1587656440483\">\n<div class=\"wpb_wrapper\">\n<h3>Tendas grandes em branco modulares de duas \u00e1guas 10\u00d705<\/h3>\n<p><strong>Os nossos clientes recorrem ao aluguer deste tipo de tendas para:\u00a0<\/strong>casamentos, batizados, comunh\u00f5es, congressos, festas empresariais e religiosas, armazenagem, etc.<\/p>\n<\/div>\n<\/div>\n<div class=\"wpb_text_column wpb_content_element vc_custom_1587656451894\">\n<div class=\"wpb_wrapper\">\n<p>M\u00f3dulos de 50M2, numa dimens\u00e3o m\u00ednima de 100M2.<\/p>\n<p>Estrutura em alum\u00ednio, cobertura em tela de lona branca M2-PVC ign\u00edfugas<\/p>\n<\/div>\n<\/div>\n<div class=\"wpb_text_column wpb_content_element vc_custom_1588670372102\">\n<div class=\"wpb_wrapper\">\n<p><strong>\u00bb<\/strong>\u00a0paredes tela de lona branca M2-PVC\u00a0<strong>ou<\/strong><br \/>\n<strong>\u00bb<\/strong>\u00a0paredes laterais em cristal 800 microns com prote\u00e7\u00e3o UV<br \/>\n<strong>\u00bb<\/strong>\u00a0op\u00e7\u00e3o de teto forrado a pano cru<br \/>\n<strong>\u00bb<\/strong>\u00a0<a href=\"https:\/\/www.amado.pt\/aluguer\/iluminacao\/\">v\u00e1rias op\u00e7\u00f5es de ilumina\u00e7\u00e3o<\/a><\/p>\n<div class=\"wpb_text_column wpb_content_element vc_custom_1586463482105\">\n<div class=\"wpb_wrapper\">\n<h3>Tendas grandes em cristal modulares de duas \u00e1guas 10\u00d705<\/h3>\n<\/div>\n<\/div>\n<div class=\"wpb_text_column wpb_content_element vc_custom_1588670530720\">\n<div class=\"wpb_wrapper\">\n<p><strong>Os nossos clientes recorrem ao aluguer deste tipo de tendas para:\u00a0<\/strong>cerim\u00f3nias de casamento, batizados, comunh\u00f5es, congressos, festas empresariais, solu\u00e7\u00f5es agr\u00edcolas, etc.<\/p>\n<p>M\u00f3dulos de 50M2, numa dimens\u00e3o m\u00ednima de 100M2.<\/p>\n<p>Estrutura em alum\u00ednio, e cobertura em cristal 800 microns, ign\u00edfugas com prote\u00e7\u00e3o UV.<\/p>\n<p><strong>\u00bb<\/strong>\u00a0paredes laterais em cristal 800 microns com prote\u00e7\u00e3o UV<br \/>\n<strong>\u00bb<\/strong>\u00a0<a href=\"https:\/\/www.amado.pt\/aluguer\/iluminacao\/\">v\u00e1rias op\u00e7\u00f5es de ilumina\u00e7\u00e3o<\/a><\/p>\n<\/div>\n<\/div>\n<\/div>\n<\/div>\n<p><a href=\"https:\/\/www.amado.pt\/aluguer\/produto\/aluguer-de-tendas-05x05\/\">Em alternativa temos tendas 05 x 05<\/a><\/p>\n<p><iframe loading=\"lazy\" src=\"https:\/\/www.youtube.com\/embed\/3utO-XX-vIY\" width=\"670\" height=\"370\" frameborder=\"0\" allowfullscreen=\"allowfullscreen\"><\/iframe><\/p>\n<h2><\/h2>\n<h2>Formul\u00e1rio para or\u00e7amento<\/h2>\n[\/vc_column_text][\/vc_column][\/vc_row]\n<div class=\"wpcf7 no-js\" id=\"wpcf7-f1682-o1\" lang=\"pt-PT\" dir=\"ltr\" data-wpcf7-id=\"1682\">\n<div class=\"screen-reader-response\"><p role=\"status\" aria-live=\"polite\" aria-atomic=\"true\"><\/p> <ul><\/ul><\/div>\n<form action=\"\/aluguer\/wp-json\/wp\/v2\/product\/580#wpcf7-f1682-o1\" method=\"post\" class=\"wpcf7-form init\" aria-label=\"Formul\u00e1rio de contacto\" enctype=\"multipart\/form-data\" novalidate=\"novalidate\" data-status=\"init\">\n<fieldset class=\"hidden-fields-container\"><input type=\"hidden\" name=\"_wpcf7\" value=\"1682\" \/><input type=\"hidden\" name=\"_wpcf7_version\" value=\"6.1.4\" \/><input type=\"hidden\" name=\"_wpcf7_locale\" value=\"pt_PT\" \/><input type=\"hidden\" name=\"_wpcf7_unit_tag\" value=\"wpcf7-f1682-o1\" \/><input type=\"hidden\" name=\"_wpcf7_container_post\" value=\"0\" \/><input type=\"hidden\" name=\"_wpcf7_posted_data_hash\" value=\"\" \/>\n<\/fieldset>\n<p>Os campos com * s\u00e3o obrigat\u00f3rios\n<\/p>\n<p><label>Nome *<\/label><br \/>\n<span class=\"wpcf7-form-control-wrap\" data-name=\"your-name\"><input size=\"40\" maxlength=\"400\" class=\"wpcf7-form-control wpcf7-text wpcf7-validates-as-required\" aria-required=\"true\" aria-invalid=\"false\" value=\"\" type=\"text\" name=\"your-name\" \/><\/span>\n<\/p>\n<p><label>Email *<\/label><br \/>\n<span class=\"wpcf7-form-control-wrap\" data-name=\"your-email\"><input size=\"40\" maxlength=\"400\" class=\"wpcf7-form-control wpcf7-email wpcf7-validates-as-required wpcf7-text wpcf7-validates-as-email\" aria-required=\"true\" aria-invalid=\"false\" value=\"\" type=\"email\" name=\"your-email\" \/><\/span>\n<\/p>\n<p><label>Data do Evento *<\/label><br \/>\n<span class=\"wpcf7-form-control-wrap\" data-name=\"datadoevento\"><input class=\"wpcf7-form-control wpcf7-date wpcf7-validates-as-required wpcf7-validates-as-date\" aria-required=\"true\" aria-invalid=\"false\" value=\"\" type=\"date\" name=\"datadoevento\" \/><\/span>\n<\/p>\n<p><label>Localidade do Evento *<\/label><br \/>\n<span class=\"wpcf7-form-control-wrap\" data-name=\"localidade\"><input size=\"40\" maxlength=\"400\" class=\"wpcf7-form-control wpcf7-text wpcf7-validates-as-required\" aria-required=\"true\" aria-invalid=\"false\" value=\"\" type=\"text\" name=\"localidade\" \/><\/span>\n<\/p>\n<p><label>Tipo de Evento *<\/label><br \/>\n<span class=\"wpcf7-form-control-wrap\" data-name=\"your-subject\"><input size=\"40\" maxlength=\"400\" class=\"wpcf7-form-control wpcf7-text wpcf7-validates-as-required\" aria-required=\"true\" aria-invalid=\"false\" value=\"\" type=\"text\" name=\"your-subject\" \/><\/span>\n<\/p>\n<p><label>Numero de Pessoas *<\/label><br \/>\n<span class=\"wpcf7-form-control-wrap\" data-name=\"your-numeropessoas\"><input size=\"40\" maxlength=\"400\" class=\"wpcf7-form-control wpcf7-text wpcf7-validates-as-required\" aria-required=\"true\" aria-invalid=\"false\" value=\"\" type=\"text\" name=\"your-numeropessoas\" \/><\/span>\n<\/p>\n<p><label>Comprimento de Terreno Disponivel *<\/label><br \/>\n<span class=\"wpcf7-form-control-wrap\" data-name=\"your-comprimento\"><input size=\"40\" maxlength=\"400\" class=\"wpcf7-form-control wpcf7-text wpcf7-validates-as-required\" aria-required=\"true\" aria-invalid=\"false\" value=\"\" type=\"text\" name=\"your-comprimento\" \/><\/span>\n<\/p>\n<p><label> Largura de Terreno Disponivel *<\/label><br \/>\n<span class=\"wpcf7-form-control-wrap\" data-name=\"your-largura\"><input size=\"40\" maxlength=\"400\" class=\"wpcf7-form-control wpcf7-text wpcf7-validates-as-required\" aria-required=\"true\" aria-invalid=\"false\" value=\"\" type=\"text\" name=\"your-largura\" \/><\/span>\n<\/p>\n<p><label> Observa\u00e7\u00f5es<\/label><br \/>\n<span class=\"wpcf7-form-control-wrap\" data-name=\"your-message\"><textarea cols=\"40\" rows=\"10\" maxlength=\"2000\" class=\"wpcf7-form-control wpcf7-textarea\" aria-invalid=\"false\" name=\"your-message\"><\/textarea><\/span>\n<\/p>\n<p><label> Fotografia do Local<\/label><br \/>\n<span class=\"wpcf7-form-control-wrap\" data-name=\"file-126\"><input size=\"40\" class=\"wpcf7-form-control wpcf7-file wpcf7-validates-as-required\" accept=\".jpg,.gif,.png\" aria-required=\"true\" aria-invalid=\"false\" type=\"file\" name=\"file-126\" \/><\/span>\n<\/p>\n<div id=\"cf7sr-69f3f5311ff30\" class=\"cf7sr-g-recaptcha\" data-theme=\"light\" data-type=\"image\" data-size=\"normal\" data-sitekey=\"6LdCS4gUAAAAAHH_GuamecVMeEpJVf7_1cxHS748\"><\/div><span class=\"wpcf7-form-control-wrap cf7sr-recaptcha\" data-name=\"cf7sr-recaptcha\"><input type=\"hidden\" name=\"cf7sr-recaptcha\" value=\"\" class=\"wpcf7-form-control\"><\/span>\n<\/p>\n<p><input class=\"wpcf7-form-control wpcf7-submit has-spinner\" type=\"submit\" value=\"Enviar\" \/>\n<\/p><div class=\"wpcf7-response-output\" aria-hidden=\"true\"><\/div>\n<\/form>\n<\/div>\n\n","protected":false},"excerpt":{"rendered":"[vc_row][vc_column][vc_column_text] Aluguer de tendas modulares 10 x 05 em branco ou cristal Tendas grandes em branco modulares de duas \u00e1guas 10\u00d705 Os nossos clientes recorrem ao aluguer deste tipo de tendas para:\u00a0casamentos, batizados, comunh\u00f5es, congressos, festas empresariais e religiosas, armazenagem, etc. M\u00f3dulos de 50M2, numa dimens\u00e3o m\u00ednima de 100M2. Estrutura em alum\u00ednio, cobertura em tela [&#8230;]\n","protected":false},"featured_media":592,"template":"","meta":[],"product_cat":[125,185],"product_tag":[41],"class_list":{"0":"post-580","1":"product","2":"type-product","3":"status-publish","4":"has-post-thumbnail","6":"product_cat-tendas","7":"product_cat-todos-os-produtos","8":"product_tag-aluguer-de-tendas","10":"first","11":"instock","12":"taxable","13":"shipping-taxable","14":"purchasable","15":"product-type-simple"},"_links":{"self":[{"href":"https:\/\/www.amado.pt\/aluguer\/wp-json\/wp\/v2\/product\/580","targetHints":{"allow":["GET"]}}],"collection":[{"href":"https:\/\/www.amado.pt\/aluguer\/wp-json\/wp\/v2\/product"}],"about":[{"href":"https:\/\/www.amado.pt\/aluguer\/wp-json\/wp\/v2\/types\/product"}],"wp:featuredmedia":[{"embeddable":true,"href":"https:\/\/www.amado.pt\/aluguer\/wp-json\/wp\/v2\/media\/592"}],"wp:attachment":[{"href":"https:\/\/www.amado.pt\/aluguer\/wp-json\/wp\/v2\/media?parent=580"}],"wp:term":[{"taxonomy":"product_cat","embeddable":true,"href":"https:\/\/www.amado.pt\/aluguer\/wp-json\/wp\/v2\/product_cat?post=580"},{"taxonomy":"product_tag","embeddable":true,"href":"https:\/\/www.amado.pt\/aluguer\/wp-json\/wp\/v2\/product_tag?post=580"}],"curies":[{"name":"wp","href":"https:\/\/api.w.org\/{rel}","templated":true}]}}