{"id":712,"date":"2017-10-26T16:00:00","date_gmt":"2017-10-26T16:00:00","guid":{"rendered":"https:\/\/www.amado.pt\/aluguer\/?post_type=product&#038;p=712"},"modified":"2026-03-26T07:29:55","modified_gmt":"2026-03-26T07:29:55","slug":"copo-de-gin","status":"publish","type":"product","link":"https:\/\/www.amado.pt\/aluguer\/copo-de-gin\/","title":{"rendered":"Copo de gin"},"content":{"rendered":"<h2>Aluguer de bal\u00e3o de gin com p\u00e9<\/h2>\n<p>Alugamos copos de gin modernos e elegantes, com total transpar\u00eancia e brilho excecional.<br \/>\nBal\u00f5es de bar para servir gins, cubas livres e vodkas laranja, em eventos e festas, cocktails, sunsets, jantares intimistas, e cerimonias de casamento.<\/p>\n<div class=\"row row-collapse\"  id=\"row-1204765569\">\n\n\t<div id=\"col-1206434151\" class=\"col medium-1\/2 large-6\"  >\n\t\t\t\t<div class=\"col-inner\"  >\n\t\t\t\n\t\t\t\n\u00bb Capacidade: 62 cl<br \/>\n\u00bb Altura: 19,5 cm<br \/>\n\u00bb Di\u00e2metro: 10 cm<br \/>\n\u00bb Formato: bal\u00e3o<br \/>\n\u00bb Material: vidro cristalino<br \/>\n\u00bb 100% recicl\u00e1vel<br \/>\n\u00bb Quantidade por rack: 16 uni.<\/p>\n\t\t<\/div>\n\t\t\t\t\t<\/div>\n\n\t\n\n\t<div id=\"col-2144387724\" class=\"col medium-1\/2 large-6\"  >\n\t\t\t\t<div class=\"col-inner\"  >\n\t\t\t\n\t\t\t\n<a href=\"https:\/\/www.winterhalter.com\/pt-pt\/lavagemehigiene\/?siq_name=$%7BPosibles%20clientes.Nombre%20de%20Posible%20cliente%7D&amp;siq_email=$%7BPosibles%20clientes.Correo%20electr%C3%B3nico%7D\" target=\"_blank\" rel=\"noopener noreferrer\"><img loading=\"lazy\" decoding=\"async\" class=\"alignleft wp-image-3542 size-full\" src=\"https:\/\/www.amado.pt\/aluguer\/wp-content\/uploads\/2020\/06\/higiene-170.jpg\" alt=\"\" width=\"170\" height=\"170\" srcset=\"https:\/\/www.amado.pt\/aluguer\/wp-content\/uploads\/2020\/06\/higiene-170.jpg 170w, https:\/\/www.amado.pt\/aluguer\/wp-content\/uploads\/2020\/06\/higiene-170-150x150.jpg 150w, https:\/\/www.amado.pt\/aluguer\/wp-content\/uploads\/2020\/06\/higiene-170-100x100.jpg 100w\" sizes=\"auto, (max-width: 170px) 100vw, 170px\" \/><\/a><\/p>\n\t\t<\/div>\n\t\t\t\t\t<\/div>\n\n\t\n<\/div>\n","protected":false},"excerpt":{"rendered":"<p>Aluguer de bal\u00e3o de gin com p\u00e9 Alugamos copos de gin modernos e elegantes, com total transpar\u00eancia e brilho excecional. Bal\u00f5es de bar para servir gins, cubas livres e vodkas laranja, em eventos e festas, cocktails, sunsets, jantares intimistas, e cerimonias de casamento.<\/p>\n","protected":false},"featured_media":714,"template":"","meta":[],"product_cat":[49,14,185],"product_tag":[],"class_list":{"0":"post-712","1":"product","2":"type-product","3":"status-publish","4":"has-post-thumbnail","6":"product_cat-copos","7":"product_cat-loicas-e-copos","8":"product_cat-todos-os-produtos","10":"first","11":"instock","12":"taxable","13":"shipping-taxable","14":"purchasable","15":"product-type-simple"},"_links":{"self":[{"href":"https:\/\/www.amado.pt\/aluguer\/wp-json\/wp\/v2\/product\/712","targetHints":{"allow":["GET"]}}],"collection":[{"href":"https:\/\/www.amado.pt\/aluguer\/wp-json\/wp\/v2\/product"}],"about":[{"href":"https:\/\/www.amado.pt\/aluguer\/wp-json\/wp\/v2\/types\/product"}],"wp:featuredmedia":[{"embeddable":true,"href":"https:\/\/www.amado.pt\/aluguer\/wp-json\/wp\/v2\/media\/714"}],"wp:attachment":[{"href":"https:\/\/www.amado.pt\/aluguer\/wp-json\/wp\/v2\/media?parent=712"}],"wp:term":[{"taxonomy":"product_cat","embeddable":true,"href":"https:\/\/www.amado.pt\/aluguer\/wp-json\/wp\/v2\/product_cat?post=712"},{"taxonomy":"product_tag","embeddable":true,"href":"https:\/\/www.amado.pt\/aluguer\/wp-json\/wp\/v2\/product_tag?post=712"}],"curies":[{"name":"wp","href":"https:\/\/api.w.org\/{rel}","templated":true}]}}