{"id":792,"date":"2017-11-13T11:10:00","date_gmt":"2017-11-13T11:10:00","guid":{"rendered":"https:\/\/www.amado.pt\/aluguer\/?post_type=product&#038;p=792"},"modified":"2025-01-28T13:25:56","modified_gmt":"2025-01-28T13:25:56","slug":"estufa-a-gas","status":"publish","type":"product","link":"https:\/\/www.amado.pt\/aluguer\/estufa-a-gas\/","title":{"rendered":"Estufa a g\u00e1s"},"content":{"rendered":"<h2>Aluguer de estufa a g\u00e1s<\/h2>\n<p>Alugamos estufas de cozinha a g\u00e1s para caterings e eventos, finaliza e\/ou mantem a comida quente durante todo o evento.<br \/>\n<strong>Botija de g\u00e1s inclu\u00edda na primeira utiliza\u00e7\u00e3o, comporta 2 GN 1\/1 por n\u00edvel.<\/strong><\/p>\n<p>\u00bb Altura: 140 cm<br \/>\n\u00bbLargura: 80 cm<br \/>\n\u00bb Comprimento: 70 cm<br \/>\n\u00bb N\u00edveis: 15<br \/>\n\u00bb Espa\u00e7o entre n\u00edveis: 6 cm<br \/>\n\u00bb Estrutura: a\u00e7o inox 18\/10<br \/>\n\u00bb Temperatura: 60\u00ba\/ 240\u00ba<br \/>\n\u00bb Mobilidade: 4 rodas girat\u00f3rias 2 com trav\u00e3o<br \/>\n\u00bb G\u00e1s: propano 37 gr<\/p>\n<p><span style=\"color: #d83131;\"><img loading=\"lazy\" decoding=\"async\" class=\"alignleft wp-image-3121\" src=\"https:\/\/www.amado.pt\/aluguer\/wp-content\/uploads\/2020\/04\/A29.jpg\" alt=\"\" width=\"57\" height=\"62\" srcset=\"https:\/\/www.amado.pt\/aluguer\/wp-content\/uploads\/2020\/04\/A29.jpg 430w, https:\/\/www.amado.pt\/aluguer\/wp-content\/uploads\/2020\/04\/A29-282x300.jpg 282w\" sizes=\"auto, (max-width: 57px) 100vw, 57px\" \/>Muito importante antes de alugar, consulte abaixo:<br \/>\n<a href=\"http:\/\/www.segurancaonline.com\/gca\/index.php?id=607\" target=\"_blank\" rel=\"noopener noreferrer\"><span style=\"color: #e14d43;\">medidas de seguran\u00e7a<\/span><\/a><\/span><\/p>\n","protected":false},"excerpt":{"rendered":"<p>Aluguer de estufa a g\u00e1s Alugamos estufas de cozinha a g\u00e1s para caterings e eventos, finaliza e\/ou mantem a comida quente durante todo o evento. Botija de g\u00e1s inclu\u00edda na primeira utiliza\u00e7\u00e3o, comporta 2 GN 1\/1 por n\u00edvel. \u00bb Altura: 140 cm \u00bbLargura: 80 cm \u00bb Comprimento: 70 cm \u00bb N\u00edveis: 15 \u00bb Espa\u00e7o entre [&#8230;]\n","protected":false},"featured_media":793,"template":"","meta":[],"product_cat":[29,26,185],"product_tag":[],"class_list":{"0":"post-792","1":"product","2":"type-product","3":"status-publish","4":"has-post-thumbnail","6":"product_cat-cozinha","7":"product_cat-equipamentos-diversos","8":"product_cat-todos-os-produtos","10":"first","11":"instock","12":"taxable","13":"shipping-taxable","14":"purchasable","15":"product-type-simple"},"_links":{"self":[{"href":"https:\/\/www.amado.pt\/aluguer\/wp-json\/wp\/v2\/product\/792","targetHints":{"allow":["GET"]}}],"collection":[{"href":"https:\/\/www.amado.pt\/aluguer\/wp-json\/wp\/v2\/product"}],"about":[{"href":"https:\/\/www.amado.pt\/aluguer\/wp-json\/wp\/v2\/types\/product"}],"wp:featuredmedia":[{"embeddable":true,"href":"https:\/\/www.amado.pt\/aluguer\/wp-json\/wp\/v2\/media\/793"}],"wp:attachment":[{"href":"https:\/\/www.amado.pt\/aluguer\/wp-json\/wp\/v2\/media?parent=792"}],"wp:term":[{"taxonomy":"product_cat","embeddable":true,"href":"https:\/\/www.amado.pt\/aluguer\/wp-json\/wp\/v2\/product_cat?post=792"},{"taxonomy":"product_tag","embeddable":true,"href":"https:\/\/www.amado.pt\/aluguer\/wp-json\/wp\/v2\/product_tag?post=792"}],"curies":[{"name":"wp","href":"https:\/\/api.w.org\/{rel}","templated":true}]}}