{"id":803,"date":"2017-11-13T15:25:00","date_gmt":"2017-11-13T15:25:00","guid":{"rendered":"https:\/\/www.amado.pt\/aluguer\/?post_type=product&#038;p=803"},"modified":"2025-01-28T13:25:55","modified_gmt":"2025-01-28T13:25:55","slug":"forno-convector","status":"publish","type":"product","link":"https:\/\/www.amado.pt\/aluguer\/forno-convector\/","title":{"rendered":"Forno convector"},"content":{"rendered":"<h2>Aluguer de forno de finaliza\u00e7\u00e3o com humidade<\/h2>\n<p>Alugamos forno convetor com cozedura por ar quente para caterings, banquetes e cozinhas de campanha, \u00e9 a solu\u00e7\u00e3o profissional e compacta para fazer assados ou finaliza\u00e7\u00e3o de cozinha no local do evento.<br \/>\n<strong>Este forno \u00e9 alugado com carrinho porta tabuleiros.<\/strong><\/p>\n<p>\u00bb Altura: 51 cm<br \/>\n\u00bb Largura: 80 cm<br \/>\n\u00bb Comprimento: 77 cm<br \/>\n\u00bb N\u00edveis: 4<br \/>\n\u00bb Estrutura: a\u00e7o inox 18\/10<br \/>\n\u00bb Sistema: 2 turbinas com auto-invers\u00e3o<br \/>\n\u00bb Porta: vidro duplo<br \/>\n\u00bb Ilumina\u00e7\u00e3o: interior<br \/>\n\u00bb Painel: digital com termostato<br \/>\n\u00bb Rel\u00f3gio: 1\/240 min<br \/>\n\u00bb Tens\u00e3o: trif\u00e1sica m\u00ednima 6,3 kw<br \/>\n\u00bb Agua: liga\u00e7\u00e3o \u00e0 rede \u00be<br \/>\n<span style=\"color: #d83131;\">NOTA: pr\u00e9 aquecimento at\u00e9 200\u00ba 15 min, temperatura de 300\u00ba 30 min.<\/span><\/p>\n<p><span style=\"color: #d83131;\"><img loading=\"lazy\" decoding=\"async\" class=\"alignleft wp-image-3121\" src=\"https:\/\/www.amado.pt\/aluguer\/wp-content\/uploads\/2020\/04\/A29.jpg\" alt=\"\" width=\"57\" height=\"62\" srcset=\"https:\/\/www.amado.pt\/aluguer\/wp-content\/uploads\/2020\/04\/A29.jpg 430w, https:\/\/www.amado.pt\/aluguer\/wp-content\/uploads\/2020\/04\/A29-282x300.jpg 282w\" sizes=\"auto, (max-width: 57px) 100vw, 57px\" \/>Muito importante antes de alugar, consulte abaixo:<br \/>\n<span style=\"color: #e14d43;\"><a style=\"color: #e14d43;\" href=\"http:\/\/www.segurancaonline.com\/gca\/?id=638\" target=\"_blank\" rel=\"noopener\">medidas de seguran\u00e7a<\/a><\/span><\/span><\/p>\n","protected":false},"excerpt":{"rendered":"<p>Aluguer de forno de finaliza\u00e7\u00e3o com humidade Alugamos forno convetor com cozedura por ar quente para caterings, banquetes e cozinhas de campanha, \u00e9 a solu\u00e7\u00e3o profissional e compacta para fazer assados ou finaliza\u00e7\u00e3o de cozinha no local do evento. Este forno \u00e9 alugado com carrinho porta tabuleiros. \u00bb Altura: 51 cm \u00bb Largura: 80 cm [&#8230;]\n","protected":false},"featured_media":804,"template":"","meta":[],"product_cat":[29,26,185],"product_tag":[],"class_list":{"0":"post-803","1":"product","2":"type-product","3":"status-publish","4":"has-post-thumbnail","6":"product_cat-cozinha","7":"product_cat-equipamentos-diversos","8":"product_cat-todos-os-produtos","10":"first","11":"instock","12":"taxable","13":"shipping-taxable","14":"purchasable","15":"product-type-simple"},"_links":{"self":[{"href":"https:\/\/www.amado.pt\/aluguer\/wp-json\/wp\/v2\/product\/803","targetHints":{"allow":["GET"]}}],"collection":[{"href":"https:\/\/www.amado.pt\/aluguer\/wp-json\/wp\/v2\/product"}],"about":[{"href":"https:\/\/www.amado.pt\/aluguer\/wp-json\/wp\/v2\/types\/product"}],"wp:featuredmedia":[{"embeddable":true,"href":"https:\/\/www.amado.pt\/aluguer\/wp-json\/wp\/v2\/media\/804"}],"wp:attachment":[{"href":"https:\/\/www.amado.pt\/aluguer\/wp-json\/wp\/v2\/media?parent=803"}],"wp:term":[{"taxonomy":"product_cat","embeddable":true,"href":"https:\/\/www.amado.pt\/aluguer\/wp-json\/wp\/v2\/product_cat?post=803"},{"taxonomy":"product_tag","embeddable":true,"href":"https:\/\/www.amado.pt\/aluguer\/wp-json\/wp\/v2\/product_tag?post=803"}],"curies":[{"name":"wp","href":"https:\/\/api.w.org\/{rel}","templated":true}]}}